{"id":11281,"date":"2023-07-12T14:49:27","date_gmt":"2023-07-12T13:49:27","guid":{"rendered":"https:\/\/www.plataformadecomunicacio.com\/plataforma-de-ideas\/asesoramiento-y-ejecucion-de-planes-de-accion-comunitaria\/"},"modified":"2023-07-12T14:49:27","modified_gmt":"2023-07-12T13:49:27","slug":"asesoramiento-y-ejecucion-de-planes-de-accion-comunitaria","status":"publish","type":"page","link":"https:\/\/www.plataformadecomunicacio.com\/es\/plataforma-de-ideas\/asesoramiento-y-ejecucion-de-planes-de-accion-comunitaria\/","title":{"rendered":"Asesoramiento y ejecuci\u00f3n de planes de acci\u00f3n comunitaria"},"content":{"rendered":"\n<style type=\"text\/css\" data-created_by=\"avia_inline_auto\" id=\"style-css-av-m895bb-3670f639c1f38d96b3eaa6584135ae57\">\n.avia-section.av-m895bb-3670f639c1f38d96b3eaa6584135ae57{\nbackground-color:#a480b1;\nbackground-image:unset;\n}\n.avia-section.av-m895bb-3670f639c1f38d96b3eaa6584135ae57 .av-extra-border-element .av-extra-border-inner{\nbackground-color:#a480b1;\n}\n<\/style>\n<div id='av_section_1'  class='avia-section av-m895bb-3670f639c1f38d96b3eaa6584135ae57 main_color avia-section-large avia-no-border-styling  avia-builder-el-0  el_before_av_layout_row  avia-builder-el-first  avia-bg-style-scroll av-arrow-down-section container_wrap sidebar_right'  ><div class='container av-section-cont-open' ><main  role=\"main\" itemprop=\"mainContentOfPage\"  class='template-page content  av-content-small alpha units'><div class='post-entry post-entry-type-page post-entry-11281'><div class='entry-content-wrapper clearfix'>\n\n<style type=\"text\/css\" data-created_by=\"avia_inline_auto\" id=\"style-css-av-2a7tmm-a137a6a75f5e5e634022b1d1c0369fad\">\n.flex_column.av-2a7tmm-a137a6a75f5e5e634022b1d1c0369fad{\n-webkit-border-radius:0px 0px 0px 0px;\n-moz-border-radius:0px 0px 0px 0px;\nborder-radius:0px 0px 0px 0px;\npadding:0px 0px 0px 0px;\n}\n<\/style>\n<div class='flex_column av-2a7tmm-a137a6a75f5e5e634022b1d1c0369fad av_one_full  avia-builder-el-1  avia-builder-el-no-sibling  first flex_column_div av-zero-column-padding '     id=\"titol\"  ><style type=\"text\/css\" data-created_by=\"avia_inline_auto\" id=\"style-css-av-jr7otfrm-d380cfdffff5ecc00fd6dadcbf30dacc\">\n#top .av_textblock_section.av-jr7otfrm-d380cfdffff5ecc00fd6dadcbf30dacc .avia_textblock{\ncolor:#ffffff;\n}\n<\/style>\n<section  class='av_textblock_section av-jr7otfrm-d380cfdffff5ecc00fd6dadcbf30dacc'  itemscope=\"itemscope\" itemtype=\"https:\/\/schema.org\/CreativeWork\" ><div class='avia_textblock av_inherit_color'  itemprop=\"text\" ><h2 style=\"text-align: center;\">Asesoramiento y ejecuci\u00f3n de planes de acci\u00f3n comunitaria<\/h2>\n<\/div><\/section><\/div>\n\n<\/div><\/div><\/main><!-- close content main element --><\/div><div class='av-extra-border-element border-extra-arrow-down'><div class='av-extra-border-outer'><div class='av-extra-border-inner'><\/div><\/div><\/div><\/div><div id='av-layout-grid-1'  class='av-layout-grid-container av-werrym-e8062b4177c7d38f220f34c8a76118c0 entry-content-wrapper main_color av-flex-cells  avia-builder-el-3  el_after_av_section  avia-builder-el-last  av-cell-min-height av-cell-min-height-25 grid-row-not-first  container_wrap sidebar_right'   data-av_minimum_height_pc='25'>\n\n<style type=\"text\/css\" data-created_by=\"avia_inline_auto\" id=\"style-css-av-w8qs8e-bedcf58edde7798b7195df7b047ed188\">\n.flex_cell.av-w8qs8e-bedcf58edde7798b7195df7b047ed188{\nvertical-align:top;\n}\n.responsive #top #wrap_all .flex_cell.av-w8qs8e-bedcf58edde7798b7195df7b047ed188{\npadding:150px 150px 150px 150px !important;\n}\n<\/style>\n<div class='flex_cell av-w8qs8e-bedcf58edde7798b7195df7b047ed188 av-gridrow-cell av_one_half no_margin  avia-builder-el-4  el_before_av_cell_one_half  avia-builder-el-first  avia-full-stretch' ><div class='flex_cell_inner'><p><div class='flex_column_table av-w03ahy-6d4487bd1e64ad5dae2401a637a4afed sc-av_one_full av-equal-height-column-flextable'>\n<style type=\"text\/css\" data-created_by=\"avia_inline_auto\" id=\"style-css-av-w03ahy-6d4487bd1e64ad5dae2401a637a4afed\">\n#top .flex_column_table.av-equal-height-column-flextable.av-w03ahy-6d4487bd1e64ad5dae2401a637a4afed{\nmargin-top:0px;\nmargin-bottom:0px;\n}\n.flex_column.av-w03ahy-6d4487bd1e64ad5dae2401a637a4afed{\n-webkit-border-radius:0px 0px 0px 0px;\n-moz-border-radius:0px 0px 0px 0px;\nborder-radius:0px 0px 0px 0px;\npadding:0px 0px 0px 0px;\n}\n<\/style>\n<div class='flex_column av-w03ahy-6d4487bd1e64ad5dae2401a637a4afed av_one_full  avia-builder-el-5  el_before_av_image  avia-builder-el-first  first no_margin flex_column_table_cell av-equal-height-column av-align-top av-animated-generic left-to-right av-zero-column-padding '     ><style type=\"text\/css\" data-created_by=\"avia_inline_auto\" id=\"style-css-av-jr116ny2-47993a529c2df2626b9f4df772925c8a\">\n#top .av_textblock_section.av-jr116ny2-47993a529c2df2626b9f4df772925c8a .avia_textblock{\ncolor:#000000;\n}\n<\/style>\n<section  class='av_textblock_section av-jr116ny2-47993a529c2df2626b9f4df772925c8a'  itemscope=\"itemscope\" itemtype=\"https:\/\/schema.org\/CreativeWork\" ><div class='avia_textblock av_inherit_color'  itemprop=\"text\" ><p><strong>Asesoramiento a medida de persones expertas para la definici\u00f3n de las estrategias de intervenci\u00f3n comunitaria.<\/strong><\/p>\n<\/div><\/section><\/div><\/div><!--close column table wrapper. Autoclose: 1 -->\n<style type=\"text\/css\" data-created_by=\"avia_inline_auto\" id=\"style-css-av-kfw7sngq-9d68f687b23435dd0b9535de5b236433\">\n.avia-image-container.av-kfw7sngq-9d68f687b23435dd0b9535de5b236433 img.avia_image{\nbox-shadow:none;\n}\n.avia-image-container.av-kfw7sngq-9d68f687b23435dd0b9535de5b236433 .av-image-caption-overlay-center{\ncolor:#ffffff;\n}\n<\/style>\n<div  class='avia-image-container av-kfw7sngq-9d68f687b23435dd0b9535de5b236433 av-styling- avia-align-center  avia-builder-el-7  el_after_av_one_full  avia-builder-el-last '   itemprop=\"image\" itemscope=\"itemscope\" itemtype=\"https:\/\/schema.org\/ImageObject\" ><div class=\"avia-image-container-inner\"><div class=\"avia-image-overlay-wrap\"><img decoding=\"async\" class='wp-image-8927 avia-img-lazy-loading-not-8927 avia_image ' src=\"https:\/\/www.plataformadecomunicacio.com\/wp-content\/uploads\/2020\/10\/womanizer-wow-tech-8oB43mw658c-unsplash-495x400.jpg\" alt='' title='womanizer-wow-tech-8oB43mw658c-unsplash'  height=\"400\" width=\"495\"  itemprop=\"thumbnailUrl\" srcset=\"https:\/\/www.plataformadecomunicacio.com\/wp-content\/uploads\/2020\/10\/womanizer-wow-tech-8oB43mw658c-unsplash-495x400.jpg 495w, https:\/\/www.plataformadecomunicacio.com\/wp-content\/uploads\/2020\/10\/womanizer-wow-tech-8oB43mw658c-unsplash-845x684.jpg 845w\" sizes=\"(max-width: 495px) 100vw, 495px\" \/><\/div><\/div><\/div><\/p>\n<\/div><\/div>\n<style type=\"text\/css\" data-created_by=\"avia_inline_auto\" id=\"style-css-av-w8qs8e-3-f2a453d8689a4cc59db6ffabe7836019\">\n.flex_cell.av-w8qs8e-3-f2a453d8689a4cc59db6ffabe7836019{\nvertical-align:top;\n}\n.responsive #top #wrap_all .flex_cell.av-w8qs8e-3-f2a453d8689a4cc59db6ffabe7836019{\npadding:150px 150px 150px 150px !important;\n}\n<\/style>\n<div class='flex_cell av-w8qs8e-3-f2a453d8689a4cc59db6ffabe7836019 av-gridrow-cell av_one_half no_margin  avia-builder-el-8  el_after_av_cell_one_half  avia-builder-el-last  avia-full-stretch' ><div class='flex_cell_inner'><div class='flex_column_table av-w03ahy-2-1edc5bab83650c513d27a080dcdf8835 sc-av_one_full av-equal-height-column-flextable'>\n<style type=\"text\/css\" data-created_by=\"avia_inline_auto\" id=\"style-css-av-w03ahy-2-1edc5bab83650c513d27a080dcdf8835\">\n#top .flex_column_table.av-equal-height-column-flextable.av-w03ahy-2-1edc5bab83650c513d27a080dcdf8835{\nmargin-top:0px;\nmargin-bottom:0px;\n}\n.flex_column.av-w03ahy-2-1edc5bab83650c513d27a080dcdf8835{\n-webkit-border-radius:0px 0px 0px 0px;\n-moz-border-radius:0px 0px 0px 0px;\nborder-radius:0px 0px 0px 0px;\npadding:0px 0px 0px 0px;\n}\n<\/style>\n<div class='flex_column av-w03ahy-2-1edc5bab83650c513d27a080dcdf8835 av_one_full  avia-builder-el-9  avia-builder-el-no-sibling  first no_margin flex_column_table_cell av-equal-height-column av-align-top av-animated-generic left-to-right av-zero-column-padding '     ><style type=\"text\/css\" data-created_by=\"avia_inline_auto\" id=\"style-css-av-jr116ny2-1-a2e885d5d629a3041aa0253dbae038fb\">\n#top .av_textblock_section.av-jr116ny2-1-a2e885d5d629a3041aa0253dbae038fb .avia_textblock{\ncolor:#000000;\n}\n<\/style>\n<section  class='av_textblock_section av-jr116ny2-1-a2e885d5d629a3041aa0253dbae038fb'  itemscope=\"itemscope\" itemtype=\"https:\/\/schema.org\/CreativeWork\" ><div class='avia_textblock av_inherit_color'  itemprop=\"text\" ><p>La intervenci\u00f3n comunitaria se ha mostrado como una herramienta suficientemente vers\u00e1til y, al tiempo, eficaz, para la generaci\u00f3n de comunidades m\u00e1s fuertes, activas y conscientes en los territorios.<\/p>\n<p>La intervenci\u00f3n comunitaria incide directamente sobre la calidad de vida y el bienestar. En el actual contexto, representa la evoluci\u00f3n de las existentes pol\u00edticas de convivencia y gesti\u00f3n alternativa de conflictos, por su capacidad de generar v\u00ednculos positivos, la incidencia sobre el sentimiento de pertenencia, y la generaci\u00f3n de nuevas narrativas para la convivencia en diversidad.<\/p>\n<p>Contar con equipos comunitarios con experiencia y solvencia es imprescindible para garantizar un buen desarrollo de los Planes Locales de Acci\u00f3n Comunitaria (PLACI), o de los Planes de Desarrollo Comunitario (PDC).<\/p>\n<\/div><\/section><\/div><\/div><!--close column table wrapper. Autoclose: 1 -->\n<\/div><\/div>\n<\/div>\n","protected":false},"excerpt":{"rendered":"","protected":false},"author":2,"featured_media":8927,"parent":5507,"menu_order":0,"comment_status":"closed","ping_status":"closed","template":"","meta":{"footnotes":""},"class_list":["post-11281","page","type-page","status-publish","has-post-thumbnail","hentry"],"yoast_head":"<!-- This site is optimized with the Yoast SEO plugin v26.1 - https:\/\/yoast.com\/wordpress\/plugins\/seo\/ -->\n<title>Asesoramiento y ejecuci\u00f3n de planes de acci\u00f3n comunitaria - Plataforma de comunicaci\u00f3<\/title>\n<meta name=\"robots\" content=\"index, follow, max-snippet:-1, max-image-preview:large, max-video-preview:-1\" \/>\n<link rel=\"canonical\" href=\"https:\/\/www.plataformadecomunicacio.com\/plataforma-de-ideas\/asesoramiento-y-ejecucion-de-planes-de-accion-comunitaria\/\" \/>\n<meta property=\"og:locale\" content=\"es_ES\" \/>\n<meta property=\"og:type\" content=\"article\" \/>\n<meta property=\"og:title\" content=\"Asesoramiento y ejecuci\u00f3n de planes de acci\u00f3n comunitaria - Plataforma de comunicaci\u00f3\" \/>\n<meta property=\"og:url\" content=\"https:\/\/www.plataformadecomunicacio.com\/plataforma-de-ideas\/asesoramiento-y-ejecucion-de-planes-de-accion-comunitaria\/\" \/>\n<meta property=\"og:site_name\" content=\"Plataforma de comunicaci\u00f3\" \/>\n<meta property=\"article:publisher\" content=\"https:\/\/www.facebook.com\/plataformadecomunicacio\/\" \/>\n<meta property=\"og:image\" content=\"https:\/\/www.plataformadecomunicacio.com\/wp-content\/uploads\/2019\/02\/Logo_plataforma.png\" \/>\n\t<meta property=\"og:image:width\" content=\"505\" \/>\n\t<meta property=\"og:image:height\" content=\"320\" \/>\n\t<meta property=\"og:image:type\" content=\"image\/png\" \/>\n<meta name=\"twitter:card\" content=\"summary_large_image\" \/>\n<meta name=\"twitter:site\" content=\"@PlataformadeCom\" \/>\n<meta name=\"twitter:label1\" content=\"Tiempo de lectura\" \/>\n\t<meta name=\"twitter:data1\" content=\"6 minutos\" \/>\n<script type=\"application\/ld+json\" class=\"yoast-schema-graph\">{\"@context\":\"https:\/\/schema.org\",\"@graph\":[{\"@type\":\"WebPage\",\"@id\":\"https:\/\/www.plataformadecomunicacio.com\/plataforma-de-ideas\/asesoramiento-y-ejecucion-de-planes-de-accion-comunitaria\/\",\"url\":\"https:\/\/www.plataformadecomunicacio.com\/plataforma-de-ideas\/asesoramiento-y-ejecucion-de-planes-de-accion-comunitaria\/\",\"name\":\"Asesoramiento y ejecuci\u00f3n de planes de acci\u00f3n comunitaria - Plataforma de comunicaci\u00f3\",\"isPartOf\":{\"@id\":\"https:\/\/www.plataformadecomunicacio.com\/#website\"},\"primaryImageOfPage\":{\"@id\":\"https:\/\/www.plataformadecomunicacio.com\/plataforma-de-ideas\/asesoramiento-y-ejecucion-de-planes-de-accion-comunitaria\/#primaryimage\"},\"image\":{\"@id\":\"https:\/\/www.plataformadecomunicacio.com\/plataforma-de-ideas\/asesoramiento-y-ejecucion-de-planes-de-accion-comunitaria\/#primaryimage\"},\"thumbnailUrl\":\"https:\/\/www.plataformadecomunicacio.com\/wp-content\/uploads\/2020\/10\/womanizer-wow-tech-8oB43mw658c-unsplash-scaled.jpg\",\"datePublished\":\"2023-07-12T13:49:27+00:00\",\"breadcrumb\":{\"@id\":\"https:\/\/www.plataformadecomunicacio.com\/plataforma-de-ideas\/asesoramiento-y-ejecucion-de-planes-de-accion-comunitaria\/#breadcrumb\"},\"inLanguage\":\"es\",\"potentialAction\":[{\"@type\":\"ReadAction\",\"target\":[\"https:\/\/www.plataformadecomunicacio.com\/plataforma-de-ideas\/asesoramiento-y-ejecucion-de-planes-de-accion-comunitaria\/\"]}]},{\"@type\":\"ImageObject\",\"inLanguage\":\"es\",\"@id\":\"https:\/\/www.plataformadecomunicacio.com\/plataforma-de-ideas\/asesoramiento-y-ejecucion-de-planes-de-accion-comunitaria\/#primaryimage\",\"url\":\"https:\/\/www.plataformadecomunicacio.com\/wp-content\/uploads\/2020\/10\/womanizer-wow-tech-8oB43mw658c-unsplash-scaled.jpg\",\"contentUrl\":\"https:\/\/www.plataformadecomunicacio.com\/wp-content\/uploads\/2020\/10\/womanizer-wow-tech-8oB43mw658c-unsplash-scaled.jpg\",\"width\":6000,\"height\":4000},{\"@type\":\"BreadcrumbList\",\"@id\":\"https:\/\/www.plataformadecomunicacio.com\/plataforma-de-ideas\/asesoramiento-y-ejecucion-de-planes-de-accion-comunitaria\/#breadcrumb\",\"itemListElement\":[{\"@type\":\"ListItem\",\"position\":1,\"name\":\"Home\",\"item\":\"https:\/\/www.plataformadecomunicacio.com\/es\/inicio\/\"},{\"@type\":\"ListItem\",\"position\":2,\"name\":\"Plataforma de Ideas\",\"item\":\"https:\/\/www.plataformadecomunicacio.com\/es\/plataforma-de-ideas\/\"},{\"@type\":\"ListItem\",\"position\":3,\"name\":\"Asesoramiento y ejecuci\u00f3n de planes de acci\u00f3n comunitaria\"}]},{\"@type\":\"WebSite\",\"@id\":\"https:\/\/www.plataformadecomunicacio.com\/#website\",\"url\":\"https:\/\/www.plataformadecomunicacio.com\/\",\"name\":\"Plataforma de comunicaci\u00f3\",\"description\":\"Comuniquem junts\",\"publisher\":{\"@id\":\"https:\/\/www.plataformadecomunicacio.com\/#organization\"},\"potentialAction\":[{\"@type\":\"SearchAction\",\"target\":{\"@type\":\"EntryPoint\",\"urlTemplate\":\"https:\/\/www.plataformadecomunicacio.com\/?s={search_term_string}\"},\"query-input\":{\"@type\":\"PropertyValueSpecification\",\"valueRequired\":true,\"valueName\":\"search_term_string\"}}],\"inLanguage\":\"es\"},{\"@type\":\"Organization\",\"@id\":\"https:\/\/www.plataformadecomunicacio.com\/#organization\",\"name\":\"Plataforma de comunicaci\u00f3\",\"url\":\"https:\/\/www.plataformadecomunicacio.com\/\",\"logo\":{\"@type\":\"ImageObject\",\"inLanguage\":\"es\",\"@id\":\"https:\/\/www.plataformadecomunicacio.com\/#\/schema\/logo\/image\/\",\"url\":\"https:\/\/www.plataformadecomunicacio.com\/wp-content\/uploads\/2019\/02\/Logo_plataforma.png\",\"contentUrl\":\"https:\/\/www.plataformadecomunicacio.com\/wp-content\/uploads\/2019\/02\/Logo_plataforma.png\",\"width\":505,\"height\":320,\"caption\":\"Plataforma de comunicaci\u00f3\"},\"image\":{\"@id\":\"https:\/\/www.plataformadecomunicacio.com\/#\/schema\/logo\/image\/\"},\"sameAs\":[\"https:\/\/www.facebook.com\/plataformadecomunicacio\/\",\"https:\/\/x.com\/PlataformadeCom\",\"https:\/\/www.linkedin.com\/company\/plataforma-de-comunicaci\u00f3\/\",\"https:\/\/www.youtube.com\/channel\/UCQ4-7CGw0atul0BbEAN5S9w\"]}]}<\/script>\n<!-- \/ Yoast SEO plugin. -->","yoast_head_json":{"title":"Asesoramiento y ejecuci\u00f3n de planes de acci\u00f3n comunitaria - Plataforma de comunicaci\u00f3","robots":{"index":"index","follow":"follow","max-snippet":"max-snippet:-1","max-image-preview":"max-image-preview:large","max-video-preview":"max-video-preview:-1"},"canonical":"https:\/\/www.plataformadecomunicacio.com\/plataforma-de-ideas\/asesoramiento-y-ejecucion-de-planes-de-accion-comunitaria\/","og_locale":"es_ES","og_type":"article","og_title":"Asesoramiento y ejecuci\u00f3n de planes de acci\u00f3n comunitaria - Plataforma de comunicaci\u00f3","og_url":"https:\/\/www.plataformadecomunicacio.com\/plataforma-de-ideas\/asesoramiento-y-ejecucion-de-planes-de-accion-comunitaria\/","og_site_name":"Plataforma de comunicaci\u00f3","article_publisher":"https:\/\/www.facebook.com\/plataformadecomunicacio\/","og_image":[{"width":505,"height":320,"url":"https:\/\/www.plataformadecomunicacio.com\/wp-content\/uploads\/2019\/02\/Logo_plataforma.png","type":"image\/png"}],"twitter_card":"summary_large_image","twitter_site":"@PlataformadeCom","twitter_misc":{"Tiempo de lectura":"6 minutos"},"schema":{"@context":"https:\/\/schema.org","@graph":[{"@type":"WebPage","@id":"https:\/\/www.plataformadecomunicacio.com\/plataforma-de-ideas\/asesoramiento-y-ejecucion-de-planes-de-accion-comunitaria\/","url":"https:\/\/www.plataformadecomunicacio.com\/plataforma-de-ideas\/asesoramiento-y-ejecucion-de-planes-de-accion-comunitaria\/","name":"Asesoramiento y ejecuci\u00f3n de planes de acci\u00f3n comunitaria - Plataforma de comunicaci\u00f3","isPartOf":{"@id":"https:\/\/www.plataformadecomunicacio.com\/#website"},"primaryImageOfPage":{"@id":"https:\/\/www.plataformadecomunicacio.com\/plataforma-de-ideas\/asesoramiento-y-ejecucion-de-planes-de-accion-comunitaria\/#primaryimage"},"image":{"@id":"https:\/\/www.plataformadecomunicacio.com\/plataforma-de-ideas\/asesoramiento-y-ejecucion-de-planes-de-accion-comunitaria\/#primaryimage"},"thumbnailUrl":"https:\/\/www.plataformadecomunicacio.com\/wp-content\/uploads\/2020\/10\/womanizer-wow-tech-8oB43mw658c-unsplash-scaled.jpg","datePublished":"2023-07-12T13:49:27+00:00","breadcrumb":{"@id":"https:\/\/www.plataformadecomunicacio.com\/plataforma-de-ideas\/asesoramiento-y-ejecucion-de-planes-de-accion-comunitaria\/#breadcrumb"},"inLanguage":"es","potentialAction":[{"@type":"ReadAction","target":["https:\/\/www.plataformadecomunicacio.com\/plataforma-de-ideas\/asesoramiento-y-ejecucion-de-planes-de-accion-comunitaria\/"]}]},{"@type":"ImageObject","inLanguage":"es","@id":"https:\/\/www.plataformadecomunicacio.com\/plataforma-de-ideas\/asesoramiento-y-ejecucion-de-planes-de-accion-comunitaria\/#primaryimage","url":"https:\/\/www.plataformadecomunicacio.com\/wp-content\/uploads\/2020\/10\/womanizer-wow-tech-8oB43mw658c-unsplash-scaled.jpg","contentUrl":"https:\/\/www.plataformadecomunicacio.com\/wp-content\/uploads\/2020\/10\/womanizer-wow-tech-8oB43mw658c-unsplash-scaled.jpg","width":6000,"height":4000},{"@type":"BreadcrumbList","@id":"https:\/\/www.plataformadecomunicacio.com\/plataforma-de-ideas\/asesoramiento-y-ejecucion-de-planes-de-accion-comunitaria\/#breadcrumb","itemListElement":[{"@type":"ListItem","position":1,"name":"Home","item":"https:\/\/www.plataformadecomunicacio.com\/es\/inicio\/"},{"@type":"ListItem","position":2,"name":"Plataforma de Ideas","item":"https:\/\/www.plataformadecomunicacio.com\/es\/plataforma-de-ideas\/"},{"@type":"ListItem","position":3,"name":"Asesoramiento y ejecuci\u00f3n de planes de acci\u00f3n comunitaria"}]},{"@type":"WebSite","@id":"https:\/\/www.plataformadecomunicacio.com\/#website","url":"https:\/\/www.plataformadecomunicacio.com\/","name":"Plataforma de comunicaci\u00f3","description":"Comuniquem junts","publisher":{"@id":"https:\/\/www.plataformadecomunicacio.com\/#organization"},"potentialAction":[{"@type":"SearchAction","target":{"@type":"EntryPoint","urlTemplate":"https:\/\/www.plataformadecomunicacio.com\/?s={search_term_string}"},"query-input":{"@type":"PropertyValueSpecification","valueRequired":true,"valueName":"search_term_string"}}],"inLanguage":"es"},{"@type":"Organization","@id":"https:\/\/www.plataformadecomunicacio.com\/#organization","name":"Plataforma de comunicaci\u00f3","url":"https:\/\/www.plataformadecomunicacio.com\/","logo":{"@type":"ImageObject","inLanguage":"es","@id":"https:\/\/www.plataformadecomunicacio.com\/#\/schema\/logo\/image\/","url":"https:\/\/www.plataformadecomunicacio.com\/wp-content\/uploads\/2019\/02\/Logo_plataforma.png","contentUrl":"https:\/\/www.plataformadecomunicacio.com\/wp-content\/uploads\/2019\/02\/Logo_plataforma.png","width":505,"height":320,"caption":"Plataforma de comunicaci\u00f3"},"image":{"@id":"https:\/\/www.plataformadecomunicacio.com\/#\/schema\/logo\/image\/"},"sameAs":["https:\/\/www.facebook.com\/plataformadecomunicacio\/","https:\/\/x.com\/PlataformadeCom","https:\/\/www.linkedin.com\/company\/plataforma-de-comunicaci\u00f3\/","https:\/\/www.youtube.com\/channel\/UCQ4-7CGw0atul0BbEAN5S9w"]}]}},"_links":{"self":[{"href":"https:\/\/www.plataformadecomunicacio.com\/es\/wp-json\/wp\/v2\/pages\/11281","targetHints":{"allow":["GET"]}}],"collection":[{"href":"https:\/\/www.plataformadecomunicacio.com\/es\/wp-json\/wp\/v2\/pages"}],"about":[{"href":"https:\/\/www.plataformadecomunicacio.com\/es\/wp-json\/wp\/v2\/types\/page"}],"author":[{"embeddable":true,"href":"https:\/\/www.plataformadecomunicacio.com\/es\/wp-json\/wp\/v2\/users\/2"}],"replies":[{"embeddable":true,"href":"https:\/\/www.plataformadecomunicacio.com\/es\/wp-json\/wp\/v2\/comments?post=11281"}],"version-history":[{"count":0,"href":"https:\/\/www.plataformadecomunicacio.com\/es\/wp-json\/wp\/v2\/pages\/11281\/revisions"}],"up":[{"embeddable":true,"href":"https:\/\/www.plataformadecomunicacio.com\/es\/wp-json\/wp\/v2\/pages\/5507"}],"wp:featuredmedia":[{"embeddable":true,"href":"https:\/\/www.plataformadecomunicacio.com\/es\/wp-json\/wp\/v2\/media\/8927"}],"wp:attachment":[{"href":"https:\/\/www.plataformadecomunicacio.com\/es\/wp-json\/wp\/v2\/media?parent=11281"}],"curies":[{"name":"wp","href":"https:\/\/api.w.org\/{rel}","templated":true}]}}