{"id":12350,"date":"2026-01-14T11:17:05","date_gmt":"2026-01-14T10:17:05","guid":{"rendered":"https:\/\/www.plataformadecomunicacio.com\/departamento-de-ciencia-e-innovacion-ayuntamiento-de-barcelona\/"},"modified":"2026-01-14T11:36:02","modified_gmt":"2026-01-14T10:36:02","slug":"departamento-de-ciencia-e-innovacion-ayuntamiento-de-barcelona","status":"publish","type":"page","link":"https:\/\/www.plataformadecomunicacio.com\/es\/departamento-de-ciencia-e-innovacion-ayuntamiento-de-barcelona\/","title":{"rendered":"Departamento de Ciencia e Innovaci\u00f3n, Ayuntamiento de Barcelona"},"content":{"rendered":"\r\n<h1 class=\"wp-block-heading\">Departamento de Ciencia e Innovaci\u00f3n, Ayuntamiento de Barcelona<\/h1>\r\n\r\n\r\n\r\n\r\n<strong>Gesti\u00f3n de la web, redes sociales, cobertura audiovisual y cr\u00f3nica del acto.<\/strong>\r\n\r\n\r\n\r\n\r\n\r\n\r\n\r\n\r\n<h3 class=\"wp-block-heading\"><\/h3>\r\n<h3><\/h3>\r\n&nbsp;\r\n<h3 class=\"wp-block-heading\">P\u00e1gina web i redes sociales<\/h3>\r\n\r\n\r\n\r\n<div class=\"wp-block-spacer\" style=\"height: 26px;\" aria-hidden=\"true\"><\/div>\r\n\r\n\r\n\r\n<h2 class=\"wp-block-heading\">Fiesta de la Ciencia<\/h2>\r\n\r\n\r\n\r\n\r\n<article class=\"text-token-text-primary w-full focus:outline-none [--shadow-height:45px] has-data-writing-block:pointer-events-none has-data-writing-block:-mt-(--shadow-height) has-data-writing-block:pt-(--shadow-height) [&amp;:has([data-writing-block])&gt;*]:pointer-events-auto scroll-mt-[calc(var(--header-height)+min(200px,max(70px,20svh)))]\" dir=\"auto\" tabindex=\"-1\" data-turn-id=\"request-WEB:2c0035fe-2d04-47e1-be77-fbbc167c304c-1\" data-testid=\"conversation-turn-4\" data-scroll-anchor=\"false\" data-turn=\"assistant\">\r\n<div class=\"text-base my-auto mx-auto [--thread-content-margin:--spacing(4)] @w-sm\/main:[--thread-content-margin:--spacing(6)] @w-lg\/main:[--thread-content-margin:--spacing(16)] px-(--thread-content-margin)\">\r\n<div class=\"[--thread-content-max-width:40rem] @w-lg\/main:[--thread-content-max-width:48rem] mx-auto max-w-(--thread-content-max-width) flex-1 group\/turn-messages focus-visible:outline-hidden relative flex w-full min-w-0 flex-col agent-turn\" tabindex=\"-1\">\r\n<div class=\"flex max-w-full flex-col grow\">\r\n<div class=\"min-h-8 text-message relative flex w-full flex-col items-end gap-2 text-start break-words whitespace-normal [.text-message+&amp;]:mt-1\" dir=\"auto\" data-message-author-role=\"assistant\" data-message-id=\"d832b8ae-fe0d-4ca9-b3f7-d5e0ec528d24\" data-message-model-slug=\"gpt-5-2\">\r\n<div class=\"flex w-full flex-col gap-1 empty:hidden first:pt-[1px]\">\r\n<div class=\"markdown prose dark:prose-invert w-full break-words dark markdown-new-styling\">\r\n<p data-start=\"144\" data-end=\"345\">Actualizaci\u00f3n de los <strong>contenidos de la web<\/strong> para cada per\u00edodo: prefiesta, durante la fiesta y posfiesta, con noticias, actividades, v\u00eddeos e im\u00e1genes.<\/p>\r\n<p data-start=\"347\" data-end=\"398\" data-is-last-node=\"\" data-is-only-node=\"\">Gesti\u00f3n de la <strong>campa\u00f1a de redes sociales<\/strong> del evento.<\/p>\r\n\r\n<\/div>\r\n<\/div>\r\n<\/div>\r\n<\/div>\r\n<\/div>\r\n<\/div>\r\n<\/article><article class=\"text-token-text-primary w-full focus:outline-none [--shadow-height:45px] has-data-writing-block:pointer-events-none has-data-writing-block:-mt-(--shadow-height) has-data-writing-block:pt-(--shadow-height) [&amp;:has([data-writing-block])&gt;*]:pointer-events-auto scroll-mt-(--header-height)\" dir=\"auto\" tabindex=\"-1\" data-turn-id=\"fff55a51-9868-4bd2-ac38-a5b198a8519c\" data-testid=\"conversation-turn-5\" data-scroll-anchor=\"false\" data-turn=\"user\"><\/article>\r\n\r\n\r\n<div class=\"wp-block-spacer\" style=\"height: 36px;\" aria-hidden=\"true\"><\/div>\r\n\r\n\r\n\r\n<div class=\"wp-block-columns is-layout-flex wp-container-core-columns-is-layout-9d6595d7 wp-block-columns-is-layout-flex\">\r\n\r\n\r\n<div class=\"wp-block-column is-layout-flow wp-block-column-is-layout-flow\" style=\"flex-basis: 100%;\">\r\n\r\n\r\n<figure class=\"wp-block-gallery has-nested-images columns-default is-cropped wp-block-gallery-1 is-layout-flex wp-block-gallery-is-layout-flex\">\r\n<figure class=\"wp-block-image size-large\"><a href=\"https:\/\/www.barcelona.cat\/festa-de-la-ciencia\/es\" target=\"_blank\" rel=\"noreferrer noopener\"><img loading=\"lazy\" decoding=\"async\" width=\"1024\" height=\"768\" data-id=\"11958\" class=\"wp-image-11958\" src=\"https:\/\/www.plataformadecomunicacio.com\/wp-content\/uploads\/2025\/12\/Diseno-sin-titulo.jpg\" alt=\"\" srcset=\"https:\/\/www.plataformadecomunicacio.com\/wp-content\/uploads\/2025\/12\/Diseno-sin-titulo.jpg 1024w, https:\/\/www.plataformadecomunicacio.com\/wp-content\/uploads\/2025\/12\/Diseno-sin-titulo-300x225.jpg 300w, https:\/\/www.plataformadecomunicacio.com\/wp-content\/uploads\/2025\/12\/Diseno-sin-titulo-768x576.jpg 768w, https:\/\/www.plataformadecomunicacio.com\/wp-content\/uploads\/2025\/12\/Diseno-sin-titulo-705x529.jpg 705w\" sizes=\"auto, (max-width: 1024px) 100vw, 1024px\" \/><\/a><\/figure>\r\n\r\n\r\n\r\n<figure class=\"wp-block-image size-large\"><a href=\"https:\/\/www.instagram.com\/reel\/DKT0OeHi5R4\/?utm_source=ig_web_copy_link&amp;igsh=MzRlODBiNWFlZA%3D%3D\" target=\"_blank\" rel=\"noreferrer noopener\"><img loading=\"lazy\" decoding=\"async\" width=\"1024\" height=\"768\" data-id=\"11960\" class=\"wp-image-11960\" src=\"https:\/\/www.plataformadecomunicacio.com\/wp-content\/uploads\/2025\/12\/Fotos-per-pagina-web.jpg\" alt=\"\" srcset=\"https:\/\/www.plataformadecomunicacio.com\/wp-content\/uploads\/2025\/12\/Fotos-per-pagina-web.jpg 1024w, https:\/\/www.plataformadecomunicacio.com\/wp-content\/uploads\/2025\/12\/Fotos-per-pagina-web-300x225.jpg 300w, https:\/\/www.plataformadecomunicacio.com\/wp-content\/uploads\/2025\/12\/Fotos-per-pagina-web-768x576.jpg 768w, https:\/\/www.plataformadecomunicacio.com\/wp-content\/uploads\/2025\/12\/Fotos-per-pagina-web-705x529.jpg 705w\" sizes=\"auto, (max-width: 1024px) 100vw, 1024px\" \/><\/a><\/figure>\r\n<\/figure>\r\n\r\n\r\n<\/div>\r\n\r\n\r\n<\/div>\r\n\r\n\r\n\r\n<div class=\"wp-block-spacer\" style=\"height: 52px;\" aria-hidden=\"true\"><\/div>\r\n\r\n\r\n\r\n<h2 class=\"wp-block-heading\">Bienal Ciudad i Ciencia<\/h2>\r\n\r\n\r\n\r\n<p data-start=\"0\" data-end=\"131\"><strong>Conceptualizaci\u00f3n, creaci\u00f3n y gesti\u00f3n de la campa\u00f1a en redes sociales<\/strong> de la Bienal Ciudad y Ciencia 2025.<\/p>\r\n<p data-start=\"133\" data-end=\"208\" data-is-last-node=\"\" data-is-only-node=\"\"><strong>Gesti\u00f3n y actualizaci\u00f3n<\/strong> permanente de los contenidos del <strong>sitio web oficial<\/strong>.<\/p>\r\n\r\n\r\n\r\n<div class=\"wp-block-spacer\" style=\"height: 36px;\" aria-hidden=\"true\"><\/div>\r\n\r\n\r\n\r\n<figure class=\"wp-block-gallery has-nested-images columns-default is-cropped wp-block-gallery-2 is-layout-flex wp-block-gallery-is-layout-flex\">\r\n<figure class=\"wp-block-image size-large\"><a href=\"https:\/\/www.instagram.com\/p\/DRMFw5bjDFX\/?utm_source=ig_web_copy_link&amp;igsh=MzRlODBiNWFlZA==\" target=\"_blank\" rel=\"noreferrer noopener\"><img loading=\"lazy\" decoding=\"async\" width=\"1024\" height=\"768\" data-id=\"11966\" class=\"wp-image-11966\" src=\"https:\/\/www.plataformadecomunicacio.com\/wp-content\/uploads\/2025\/12\/Fotos-per-pagina-web-2-1.jpg\" alt=\"\" srcset=\"https:\/\/www.plataformadecomunicacio.com\/wp-content\/uploads\/2025\/12\/Fotos-per-pagina-web-2-1.jpg 1024w, https:\/\/www.plataformadecomunicacio.com\/wp-content\/uploads\/2025\/12\/Fotos-per-pagina-web-2-1-300x225.jpg 300w, https:\/\/www.plataformadecomunicacio.com\/wp-content\/uploads\/2025\/12\/Fotos-per-pagina-web-2-1-768x576.jpg 768w, https:\/\/www.plataformadecomunicacio.com\/wp-content\/uploads\/2025\/12\/Fotos-per-pagina-web-2-1-705x529.jpg 705w\" sizes=\"auto, (max-width: 1024px) 100vw, 1024px\" \/><\/a><\/figure>\r\n\r\n\r\n\r\n<figure class=\"wp-block-image size-large\"><a href=\"https:\/\/www.biennalciutaticiencia.barcelona\/ca\" target=\"_blank\" rel=\"noreferrer noopener\"><img loading=\"lazy\" decoding=\"async\" width=\"1024\" height=\"768\" data-id=\"11962\" class=\"wp-image-11962\" src=\"https:\/\/www.plataformadecomunicacio.com\/wp-content\/uploads\/2025\/12\/Fotos-per-pagina-web-1.jpg\" alt=\"\" srcset=\"https:\/\/www.plataformadecomunicacio.com\/wp-content\/uploads\/2025\/12\/Fotos-per-pagina-web-1.jpg 1024w, https:\/\/www.plataformadecomunicacio.com\/wp-content\/uploads\/2025\/12\/Fotos-per-pagina-web-1-300x225.jpg 300w, https:\/\/www.plataformadecomunicacio.com\/wp-content\/uploads\/2025\/12\/Fotos-per-pagina-web-1-768x576.jpg 768w, https:\/\/www.plataformadecomunicacio.com\/wp-content\/uploads\/2025\/12\/Fotos-per-pagina-web-1-705x529.jpg 705w\" sizes=\"auto, (max-width: 1024px) 100vw, 1024px\" \/><\/a><\/figure>\r\n<\/figure>\r\n","protected":false},"excerpt":{"rendered":"<p>Departamento de Ciencia e Innovaci\u00f3n, Ayuntamiento de Barcelona Gesti\u00f3n de la web, redes sociales, cobertura audiovisual y cr\u00f3nica del acto. &nbsp; P\u00e1gina web i redes sociales Fiesta de la Ciencia Actualizaci\u00f3n de los contenidos de la web para cada per\u00edodo: prefiesta, durante la fiesta y posfiesta, con noticias, actividades, v\u00eddeos e im\u00e1genes. Gesti\u00f3n de la [&hellip;]<\/p>\n","protected":false},"author":2,"featured_media":0,"parent":0,"menu_order":0,"comment_status":"closed","ping_status":"closed","template":"","meta":{"footnotes":""},"class_list":["post-12350","page","type-page","status-publish","hentry"],"yoast_head":"<!-- This site is optimized with the Yoast SEO plugin v26.1 - https:\/\/yoast.com\/wordpress\/plugins\/seo\/ -->\n<title>Departamento de Ciencia e Innovaci\u00f3n, Ayuntamiento de Barcelona - Plataforma de comunicaci\u00f3<\/title>\n<meta name=\"robots\" content=\"index, follow, max-snippet:-1, max-image-preview:large, max-video-preview:-1\" \/>\n<link rel=\"canonical\" href=\"https:\/\/www.plataformadecomunicacio.com\/es\/departamento-de-ciencia-e-innovacion-ayuntamiento-de-barcelona\/\" \/>\n<meta property=\"og:locale\" content=\"es_ES\" \/>\n<meta property=\"og:type\" content=\"article\" \/>\n<meta property=\"og:title\" content=\"Departamento de Ciencia e Innovaci\u00f3n, Ayuntamiento de Barcelona - Plataforma de comunicaci\u00f3\" \/>\n<meta property=\"og:description\" content=\"Departamento de Ciencia e Innovaci\u00f3n, Ayuntamiento de Barcelona Gesti\u00f3n de la web, redes sociales, cobertura audiovisual y cr\u00f3nica del acto. &nbsp; P\u00e1gina web i redes sociales Fiesta de la Ciencia Actualizaci\u00f3n de los contenidos de la web para cada per\u00edodo: prefiesta, durante la fiesta y posfiesta, con noticias, actividades, v\u00eddeos e im\u00e1genes. Gesti\u00f3n de la [&hellip;]\" \/>\n<meta property=\"og:url\" content=\"https:\/\/www.plataformadecomunicacio.com\/es\/departamento-de-ciencia-e-innovacion-ayuntamiento-de-barcelona\/\" \/>\n<meta property=\"og:site_name\" content=\"Plataforma de comunicaci\u00f3\" \/>\n<meta property=\"article:publisher\" content=\"https:\/\/www.facebook.com\/plataformadecomunicacio\/\" \/>\n<meta property=\"article:modified_time\" content=\"2026-01-14T10:36:02+00:00\" \/>\n<meta property=\"og:image\" content=\"https:\/\/www.plataformadecomunicacio.com\/wp-content\/uploads\/2025\/12\/Diseno-sin-titulo.jpg\" \/>\n\t<meta property=\"og:image:width\" content=\"1024\" \/>\n\t<meta property=\"og:image:height\" content=\"768\" \/>\n\t<meta property=\"og:image:type\" content=\"image\/jpeg\" \/>\n<meta name=\"twitter:card\" content=\"summary_large_image\" \/>\n<meta name=\"twitter:site\" content=\"@PlataformadeCom\" \/>\n<meta name=\"twitter:label1\" content=\"Tiempo de lectura\" \/>\n\t<meta name=\"twitter:data1\" content=\"1 minuto\" \/>\n<script type=\"application\/ld+json\" class=\"yoast-schema-graph\">{\"@context\":\"https:\/\/schema.org\",\"@graph\":[{\"@type\":\"WebPage\",\"@id\":\"https:\/\/www.plataformadecomunicacio.com\/es\/departamento-de-ciencia-e-innovacion-ayuntamiento-de-barcelona\/\",\"url\":\"https:\/\/www.plataformadecomunicacio.com\/es\/departamento-de-ciencia-e-innovacion-ayuntamiento-de-barcelona\/\",\"name\":\"Departamento de Ciencia e Innovaci\u00f3n, Ayuntamiento de Barcelona - Plataforma de comunicaci\u00f3\",\"isPartOf\":{\"@id\":\"https:\/\/www.plataformadecomunicacio.com\/#website\"},\"primaryImageOfPage\":{\"@id\":\"https:\/\/www.plataformadecomunicacio.com\/es\/departamento-de-ciencia-e-innovacion-ayuntamiento-de-barcelona\/#primaryimage\"},\"image\":{\"@id\":\"https:\/\/www.plataformadecomunicacio.com\/es\/departamento-de-ciencia-e-innovacion-ayuntamiento-de-barcelona\/#primaryimage\"},\"thumbnailUrl\":\"https:\/\/www.plataformadecomunicacio.com\/wp-content\/uploads\/2025\/12\/Diseno-sin-titulo.jpg\",\"datePublished\":\"2026-01-14T10:17:05+00:00\",\"dateModified\":\"2026-01-14T10:36:02+00:00\",\"breadcrumb\":{\"@id\":\"https:\/\/www.plataformadecomunicacio.com\/es\/departamento-de-ciencia-e-innovacion-ayuntamiento-de-barcelona\/#breadcrumb\"},\"inLanguage\":\"es\",\"potentialAction\":[{\"@type\":\"ReadAction\",\"target\":[\"https:\/\/www.plataformadecomunicacio.com\/es\/departamento-de-ciencia-e-innovacion-ayuntamiento-de-barcelona\/\"]}]},{\"@type\":\"ImageObject\",\"inLanguage\":\"es\",\"@id\":\"https:\/\/www.plataformadecomunicacio.com\/es\/departamento-de-ciencia-e-innovacion-ayuntamiento-de-barcelona\/#primaryimage\",\"url\":\"https:\/\/www.plataformadecomunicacio.com\/wp-content\/uploads\/2025\/12\/Diseno-sin-titulo.jpg\",\"contentUrl\":\"https:\/\/www.plataformadecomunicacio.com\/wp-content\/uploads\/2025\/12\/Diseno-sin-titulo.jpg\"},{\"@type\":\"BreadcrumbList\",\"@id\":\"https:\/\/www.plataformadecomunicacio.com\/es\/departamento-de-ciencia-e-innovacion-ayuntamiento-de-barcelona\/#breadcrumb\",\"itemListElement\":[{\"@type\":\"ListItem\",\"position\":1,\"name\":\"Home\",\"item\":\"https:\/\/www.plataformadecomunicacio.com\/es\/inicio\/\"},{\"@type\":\"ListItem\",\"position\":2,\"name\":\"Departamento de Ciencia e Innovaci\u00f3n, Ayuntamiento de Barcelona\"}]},{\"@type\":\"WebSite\",\"@id\":\"https:\/\/www.plataformadecomunicacio.com\/#website\",\"url\":\"https:\/\/www.plataformadecomunicacio.com\/\",\"name\":\"Plataforma de comunicaci\u00f3\",\"description\":\"Comuniquem junts\",\"publisher\":{\"@id\":\"https:\/\/www.plataformadecomunicacio.com\/#organization\"},\"potentialAction\":[{\"@type\":\"SearchAction\",\"target\":{\"@type\":\"EntryPoint\",\"urlTemplate\":\"https:\/\/www.plataformadecomunicacio.com\/?s={search_term_string}\"},\"query-input\":{\"@type\":\"PropertyValueSpecification\",\"valueRequired\":true,\"valueName\":\"search_term_string\"}}],\"inLanguage\":\"es\"},{\"@type\":\"Organization\",\"@id\":\"https:\/\/www.plataformadecomunicacio.com\/#organization\",\"name\":\"Plataforma de comunicaci\u00f3\",\"url\":\"https:\/\/www.plataformadecomunicacio.com\/\",\"logo\":{\"@type\":\"ImageObject\",\"inLanguage\":\"es\",\"@id\":\"https:\/\/www.plataformadecomunicacio.com\/#\/schema\/logo\/image\/\",\"url\":\"https:\/\/www.plataformadecomunicacio.com\/wp-content\/uploads\/2019\/02\/Logo_plataforma.png\",\"contentUrl\":\"https:\/\/www.plataformadecomunicacio.com\/wp-content\/uploads\/2019\/02\/Logo_plataforma.png\",\"width\":505,\"height\":320,\"caption\":\"Plataforma de comunicaci\u00f3\"},\"image\":{\"@id\":\"https:\/\/www.plataformadecomunicacio.com\/#\/schema\/logo\/image\/\"},\"sameAs\":[\"https:\/\/www.facebook.com\/plataformadecomunicacio\/\",\"https:\/\/x.com\/PlataformadeCom\",\"https:\/\/www.linkedin.com\/company\/plataforma-de-comunicaci\u00f3\/\",\"https:\/\/www.youtube.com\/channel\/UCQ4-7CGw0atul0BbEAN5S9w\"]}]}<\/script>\n<!-- \/ Yoast SEO plugin. -->","yoast_head_json":{"title":"Departamento de Ciencia e Innovaci\u00f3n, Ayuntamiento de Barcelona - Plataforma de comunicaci\u00f3","robots":{"index":"index","follow":"follow","max-snippet":"max-snippet:-1","max-image-preview":"max-image-preview:large","max-video-preview":"max-video-preview:-1"},"canonical":"https:\/\/www.plataformadecomunicacio.com\/es\/departamento-de-ciencia-e-innovacion-ayuntamiento-de-barcelona\/","og_locale":"es_ES","og_type":"article","og_title":"Departamento de Ciencia e Innovaci\u00f3n, Ayuntamiento de Barcelona - Plataforma de comunicaci\u00f3","og_description":"Departamento de Ciencia e Innovaci\u00f3n, Ayuntamiento de Barcelona Gesti\u00f3n de la web, redes sociales, cobertura audiovisual y cr\u00f3nica del acto. &nbsp; P\u00e1gina web i redes sociales Fiesta de la Ciencia Actualizaci\u00f3n de los contenidos de la web para cada per\u00edodo: prefiesta, durante la fiesta y posfiesta, con noticias, actividades, v\u00eddeos e im\u00e1genes. Gesti\u00f3n de la [&hellip;]","og_url":"https:\/\/www.plataformadecomunicacio.com\/es\/departamento-de-ciencia-e-innovacion-ayuntamiento-de-barcelona\/","og_site_name":"Plataforma de comunicaci\u00f3","article_publisher":"https:\/\/www.facebook.com\/plataformadecomunicacio\/","article_modified_time":"2026-01-14T10:36:02+00:00","og_image":[{"width":1024,"height":768,"url":"https:\/\/www.plataformadecomunicacio.com\/wp-content\/uploads\/2025\/12\/Diseno-sin-titulo.jpg","type":"image\/jpeg"}],"twitter_card":"summary_large_image","twitter_site":"@PlataformadeCom","twitter_misc":{"Tiempo de lectura":"1 minuto"},"schema":{"@context":"https:\/\/schema.org","@graph":[{"@type":"WebPage","@id":"https:\/\/www.plataformadecomunicacio.com\/es\/departamento-de-ciencia-e-innovacion-ayuntamiento-de-barcelona\/","url":"https:\/\/www.plataformadecomunicacio.com\/es\/departamento-de-ciencia-e-innovacion-ayuntamiento-de-barcelona\/","name":"Departamento de Ciencia e Innovaci\u00f3n, Ayuntamiento de Barcelona - Plataforma de comunicaci\u00f3","isPartOf":{"@id":"https:\/\/www.plataformadecomunicacio.com\/#website"},"primaryImageOfPage":{"@id":"https:\/\/www.plataformadecomunicacio.com\/es\/departamento-de-ciencia-e-innovacion-ayuntamiento-de-barcelona\/#primaryimage"},"image":{"@id":"https:\/\/www.plataformadecomunicacio.com\/es\/departamento-de-ciencia-e-innovacion-ayuntamiento-de-barcelona\/#primaryimage"},"thumbnailUrl":"https:\/\/www.plataformadecomunicacio.com\/wp-content\/uploads\/2025\/12\/Diseno-sin-titulo.jpg","datePublished":"2026-01-14T10:17:05+00:00","dateModified":"2026-01-14T10:36:02+00:00","breadcrumb":{"@id":"https:\/\/www.plataformadecomunicacio.com\/es\/departamento-de-ciencia-e-innovacion-ayuntamiento-de-barcelona\/#breadcrumb"},"inLanguage":"es","potentialAction":[{"@type":"ReadAction","target":["https:\/\/www.plataformadecomunicacio.com\/es\/departamento-de-ciencia-e-innovacion-ayuntamiento-de-barcelona\/"]}]},{"@type":"ImageObject","inLanguage":"es","@id":"https:\/\/www.plataformadecomunicacio.com\/es\/departamento-de-ciencia-e-innovacion-ayuntamiento-de-barcelona\/#primaryimage","url":"https:\/\/www.plataformadecomunicacio.com\/wp-content\/uploads\/2025\/12\/Diseno-sin-titulo.jpg","contentUrl":"https:\/\/www.plataformadecomunicacio.com\/wp-content\/uploads\/2025\/12\/Diseno-sin-titulo.jpg"},{"@type":"BreadcrumbList","@id":"https:\/\/www.plataformadecomunicacio.com\/es\/departamento-de-ciencia-e-innovacion-ayuntamiento-de-barcelona\/#breadcrumb","itemListElement":[{"@type":"ListItem","position":1,"name":"Home","item":"https:\/\/www.plataformadecomunicacio.com\/es\/inicio\/"},{"@type":"ListItem","position":2,"name":"Departamento de Ciencia e Innovaci\u00f3n, Ayuntamiento de Barcelona"}]},{"@type":"WebSite","@id":"https:\/\/www.plataformadecomunicacio.com\/#website","url":"https:\/\/www.plataformadecomunicacio.com\/","name":"Plataforma de comunicaci\u00f3","description":"Comuniquem junts","publisher":{"@id":"https:\/\/www.plataformadecomunicacio.com\/#organization"},"potentialAction":[{"@type":"SearchAction","target":{"@type":"EntryPoint","urlTemplate":"https:\/\/www.plataformadecomunicacio.com\/?s={search_term_string}"},"query-input":{"@type":"PropertyValueSpecification","valueRequired":true,"valueName":"search_term_string"}}],"inLanguage":"es"},{"@type":"Organization","@id":"https:\/\/www.plataformadecomunicacio.com\/#organization","name":"Plataforma de comunicaci\u00f3","url":"https:\/\/www.plataformadecomunicacio.com\/","logo":{"@type":"ImageObject","inLanguage":"es","@id":"https:\/\/www.plataformadecomunicacio.com\/#\/schema\/logo\/image\/","url":"https:\/\/www.plataformadecomunicacio.com\/wp-content\/uploads\/2019\/02\/Logo_plataforma.png","contentUrl":"https:\/\/www.plataformadecomunicacio.com\/wp-content\/uploads\/2019\/02\/Logo_plataforma.png","width":505,"height":320,"caption":"Plataforma de comunicaci\u00f3"},"image":{"@id":"https:\/\/www.plataformadecomunicacio.com\/#\/schema\/logo\/image\/"},"sameAs":["https:\/\/www.facebook.com\/plataformadecomunicacio\/","https:\/\/x.com\/PlataformadeCom","https:\/\/www.linkedin.com\/company\/plataforma-de-comunicaci\u00f3\/","https:\/\/www.youtube.com\/channel\/UCQ4-7CGw0atul0BbEAN5S9w"]}]}},"_links":{"self":[{"href":"https:\/\/www.plataformadecomunicacio.com\/es\/wp-json\/wp\/v2\/pages\/12350","targetHints":{"allow":["GET"]}}],"collection":[{"href":"https:\/\/www.plataformadecomunicacio.com\/es\/wp-json\/wp\/v2\/pages"}],"about":[{"href":"https:\/\/www.plataformadecomunicacio.com\/es\/wp-json\/wp\/v2\/types\/page"}],"author":[{"embeddable":true,"href":"https:\/\/www.plataformadecomunicacio.com\/es\/wp-json\/wp\/v2\/users\/2"}],"replies":[{"embeddable":true,"href":"https:\/\/www.plataformadecomunicacio.com\/es\/wp-json\/wp\/v2\/comments?post=12350"}],"version-history":[{"count":7,"href":"https:\/\/www.plataformadecomunicacio.com\/es\/wp-json\/wp\/v2\/pages\/12350\/revisions"}],"predecessor-version":[{"id":12360,"href":"https:\/\/www.plataformadecomunicacio.com\/es\/wp-json\/wp\/v2\/pages\/12350\/revisions\/12360"}],"wp:attachment":[{"href":"https:\/\/www.plataformadecomunicacio.com\/es\/wp-json\/wp\/v2\/media?parent=12350"}],"curies":[{"name":"wp","href":"https:\/\/api.w.org\/{rel}","templated":true}]}}