{"id":12355,"date":"2026-01-14T11:28:12","date_gmt":"2026-01-14T10:28:12","guid":{"rendered":"https:\/\/www.plataformadecomunicacio.com\/economia-social-y-solidaria-ayuntamiento-de-barcelona\/"},"modified":"2026-01-14T11:29:44","modified_gmt":"2026-01-14T10:29:44","slug":"economia-social-y-solidaria-ayuntamiento-de-barcelona","status":"publish","type":"page","link":"https:\/\/www.plataformadecomunicacio.com\/es\/economia-social-y-solidaria-ayuntamiento-de-barcelona\/","title":{"rendered":"Econom\u00eda Social y Solidaria, Ayuntamiento de Barcelona"},"content":{"rendered":"\r\n<h1 class=\"wp-block-heading\"><strong>Econom\u00eda Social y Solidaria, Ayuntamiento de Barcelona<\/strong><\/h1>\r\n\r\n\r\n\r\n\r\n\r\n\r\n\r\n<h2 class=\"wp-block-heading\">Instagram <em>@lafebrerada<\/em><\/h2>\r\n\r\n\r\n\r\n\r\n\r\n\r\n\r\n\r\n\r\n\r\n\r\n\r\n\r\n\r\n\r\n<div class=\"wp-block-media-text is-stacked-on-mobile\">\r\n<figure class=\"wp-block-media-text__media\"><a href=\"https:\/\/www.instagram.com\/reel\/DMu5bC0MUDQ\/?utm_source=ig_web_copy_link&amp;igsh=MzRlODBiNWFlZA==\" target=\"_blank\" rel=\"noreferrer noopener\"><img loading=\"lazy\" decoding=\"async\" width=\"1024\" height=\"768\" class=\"wp-image-11976 size-full\" src=\"https:\/\/www.plataformadecomunicacio.com\/wp-content\/uploads\/2025\/12\/Fotos-per-pagina-web-3-1.jpg\" alt=\"\" srcset=\"https:\/\/www.plataformadecomunicacio.com\/wp-content\/uploads\/2025\/12\/Fotos-per-pagina-web-3-1.jpg 1024w, https:\/\/www.plataformadecomunicacio.com\/wp-content\/uploads\/2025\/12\/Fotos-per-pagina-web-3-1-300x225.jpg 300w, https:\/\/www.plataformadecomunicacio.com\/wp-content\/uploads\/2025\/12\/Fotos-per-pagina-web-3-1-768x576.jpg 768w, https:\/\/www.plataformadecomunicacio.com\/wp-content\/uploads\/2025\/12\/Fotos-per-pagina-web-3-1-705x529.jpg 705w\" sizes=\"auto, (max-width: 1024px) 100vw, 1024px\" \/><\/a><\/figure>\r\n<div class=\"wp-block-media-text__content\">\r\n\r\nProducci\u00f3n y dise\u00f1o de los <strong>contenidos audiovisuales<\/strong> y<strong> dinamizaci\u00f3n del canal<\/strong>.\r\n\r\n<\/div>\r\n&nbsp;\r\n\r\n<\/div>\r\n\r\n\r\n\r\n\r\n\r\n\r\n\r\n<h2 class=\"wp-block-heading\"><\/h2>\r\n<h2><\/h2>\r\n<h2 class=\"wp-block-heading\">La Febrerada<\/h2>\r\n\r\n\r\n\r\n\r\n\r\n\r\n\r\n\r\n\r\n\r\n\r\n\r\n\r\n\r\n\r\n<div class=\"wp-block-media-text is-stacked-on-mobile\">\r\n<figure class=\"wp-block-media-text__media\"><a href=\"https:\/\/ajuntament.barcelona.cat\/economia-social-solidaria\/ca\/estrategia-essbcn2030\/la-febrerada\" target=\"_blank\" rel=\"noreferrer noopener\"><img loading=\"lazy\" decoding=\"async\" width=\"1024\" height=\"768\" class=\"wp-image-11980 size-full\" src=\"https:\/\/www.plataformadecomunicacio.com\/wp-content\/uploads\/2025\/12\/Fotos-per-pagina-web-4-1.jpg\" alt=\"\" srcset=\"https:\/\/www.plataformadecomunicacio.com\/wp-content\/uploads\/2025\/12\/Fotos-per-pagina-web-4-1.jpg 1024w, https:\/\/www.plataformadecomunicacio.com\/wp-content\/uploads\/2025\/12\/Fotos-per-pagina-web-4-1-300x225.jpg 300w, https:\/\/www.plataformadecomunicacio.com\/wp-content\/uploads\/2025\/12\/Fotos-per-pagina-web-4-1-768x576.jpg 768w, https:\/\/www.plataformadecomunicacio.com\/wp-content\/uploads\/2025\/12\/Fotos-per-pagina-web-4-1-705x529.jpg 705w\" sizes=\"auto, (max-width: 1024px) 100vw, 1024px\" \/><\/a><\/figure>\r\n<div class=\"wp-block-media-text__content\">\r\n\r\n\r\n\r\n<strong>Actualizaci\u00f3n web<\/strong>, cobertura audiovisual y<strong> cr\u00f3nica del acto, <\/strong>producci\u00f3n de<strong> video-noticia.\r\n<\/strong>\r\n\r\n\r\n\r\n<\/div>\r\n<\/div>\r\n\r\n\r\n\r\n<div class=\"wp-block-spacer\" style=\"height: 48px;\" aria-hidden=\"true\"><\/div>\r\n\r\n\r\n\r\n<figure class=\"wp-block-gallery has-nested-images columns-default is-cropped wp-block-gallery-1 is-layout-flex wp-block-gallery-is-layout-flex\">\r\n<figure class=\"wp-block-image size-large\"><a href=\"https:\/\/www.youtube.com\/watch?v=ijj8JeGQAtI\" target=\"_blank\" rel=\"noreferrer noopener\"><img loading=\"lazy\" decoding=\"async\" width=\"1024\" height=\"768\" data-id=\"11982\" class=\"wp-image-11982\" src=\"https:\/\/www.plataformadecomunicacio.com\/wp-content\/uploads\/2025\/12\/Fotos-per-pagina-web-5.jpg\" alt=\"\" srcset=\"https:\/\/www.plataformadecomunicacio.com\/wp-content\/uploads\/2025\/12\/Fotos-per-pagina-web-5.jpg 1024w, https:\/\/www.plataformadecomunicacio.com\/wp-content\/uploads\/2025\/12\/Fotos-per-pagina-web-5-300x225.jpg 300w, https:\/\/www.plataformadecomunicacio.com\/wp-content\/uploads\/2025\/12\/Fotos-per-pagina-web-5-768x576.jpg 768w, https:\/\/www.plataformadecomunicacio.com\/wp-content\/uploads\/2025\/12\/Fotos-per-pagina-web-5-705x529.jpg 705w\" sizes=\"auto, (max-width: 1024px) 100vw, 1024px\" \/><\/a><\/figure>\r\n\r\n\r\n\r\n<figure class=\"wp-block-image size-large\"><a href=\"https:\/\/www.youtube.com\/watch?v=v7EY6p0NtUk\" target=\"_blank\" rel=\"noreferrer noopener\"><img loading=\"lazy\" decoding=\"async\" width=\"1024\" height=\"768\" data-id=\"11984\" class=\"wp-image-11984\" src=\"https:\/\/www.plataformadecomunicacio.com\/wp-content\/uploads\/2025\/12\/Fotos-per-pagina-web-6.jpg\" alt=\"\" srcset=\"https:\/\/www.plataformadecomunicacio.com\/wp-content\/uploads\/2025\/12\/Fotos-per-pagina-web-6.jpg 1024w, https:\/\/www.plataformadecomunicacio.com\/wp-content\/uploads\/2025\/12\/Fotos-per-pagina-web-6-300x225.jpg 300w, https:\/\/www.plataformadecomunicacio.com\/wp-content\/uploads\/2025\/12\/Fotos-per-pagina-web-6-768x576.jpg 768w, https:\/\/www.plataformadecomunicacio.com\/wp-content\/uploads\/2025\/12\/Fotos-per-pagina-web-6-705x529.jpg 705w\" sizes=\"auto, (max-width: 1024px) 100vw, 1024px\" \/><\/a><\/figure>\r\n<\/figure>\r\n\r\n\r\n\r\n\r\n","protected":false},"excerpt":{"rendered":"<p>Econom\u00eda Social y Solidaria, Ayuntamiento de Barcelona Instagram @lafebrerada Producci\u00f3n y dise\u00f1o de los contenidos audiovisuales y dinamizaci\u00f3n del canal. &nbsp; La Febrerada Actualizaci\u00f3n web, cobertura audiovisual y cr\u00f3nica del acto, producci\u00f3n de video-noticia.<\/p>\n","protected":false},"author":2,"featured_media":0,"parent":0,"menu_order":0,"comment_status":"closed","ping_status":"closed","template":"","meta":{"footnotes":""},"class_list":["post-12355","page","type-page","status-publish","hentry"],"yoast_head":"<!-- This site is optimized with the Yoast SEO plugin v26.1 - https:\/\/yoast.com\/wordpress\/plugins\/seo\/ -->\n<title>Econom\u00eda Social y Solidaria, Ayuntamiento de Barcelona - Plataforma de comunicaci\u00f3<\/title>\n<meta name=\"robots\" content=\"index, follow, max-snippet:-1, max-image-preview:large, max-video-preview:-1\" \/>\n<link rel=\"canonical\" href=\"https:\/\/www.plataformadecomunicacio.com\/es\/economia-social-y-solidaria-ayuntamiento-de-barcelona\/\" \/>\n<meta property=\"og:locale\" content=\"es_ES\" \/>\n<meta property=\"og:type\" content=\"article\" \/>\n<meta property=\"og:title\" content=\"Econom\u00eda Social y Solidaria, Ayuntamiento de Barcelona - Plataforma de comunicaci\u00f3\" \/>\n<meta property=\"og:description\" content=\"Econom\u00eda Social y Solidaria, Ayuntamiento de Barcelona Instagram @lafebrerada Producci\u00f3n y dise\u00f1o de los contenidos audiovisuales y dinamizaci\u00f3n del canal. &nbsp; La Febrerada Actualizaci\u00f3n web, cobertura audiovisual y cr\u00f3nica del acto, producci\u00f3n de video-noticia.\" \/>\n<meta property=\"og:url\" content=\"https:\/\/www.plataformadecomunicacio.com\/es\/economia-social-y-solidaria-ayuntamiento-de-barcelona\/\" \/>\n<meta property=\"og:site_name\" content=\"Plataforma de comunicaci\u00f3\" \/>\n<meta property=\"article:publisher\" content=\"https:\/\/www.facebook.com\/plataformadecomunicacio\/\" \/>\n<meta property=\"article:modified_time\" content=\"2026-01-14T10:29:44+00:00\" \/>\n<meta property=\"og:image\" content=\"https:\/\/www.plataformadecomunicacio.com\/wp-content\/uploads\/2025\/12\/Fotos-per-pagina-web-3-1.jpg\" \/>\n\t<meta property=\"og:image:width\" content=\"1024\" \/>\n\t<meta property=\"og:image:height\" content=\"768\" \/>\n\t<meta property=\"og:image:type\" content=\"image\/jpeg\" \/>\n<meta name=\"twitter:card\" content=\"summary_large_image\" \/>\n<meta name=\"twitter:site\" content=\"@PlataformadeCom\" \/>\n<script type=\"application\/ld+json\" class=\"yoast-schema-graph\">{\"@context\":\"https:\/\/schema.org\",\"@graph\":[{\"@type\":\"WebPage\",\"@id\":\"https:\/\/www.plataformadecomunicacio.com\/es\/economia-social-y-solidaria-ayuntamiento-de-barcelona\/\",\"url\":\"https:\/\/www.plataformadecomunicacio.com\/es\/economia-social-y-solidaria-ayuntamiento-de-barcelona\/\",\"name\":\"Econom\u00eda Social y Solidaria, Ayuntamiento de Barcelona - Plataforma de comunicaci\u00f3\",\"isPartOf\":{\"@id\":\"https:\/\/www.plataformadecomunicacio.com\/#website\"},\"primaryImageOfPage\":{\"@id\":\"https:\/\/www.plataformadecomunicacio.com\/es\/economia-social-y-solidaria-ayuntamiento-de-barcelona\/#primaryimage\"},\"image\":{\"@id\":\"https:\/\/www.plataformadecomunicacio.com\/es\/economia-social-y-solidaria-ayuntamiento-de-barcelona\/#primaryimage\"},\"thumbnailUrl\":\"https:\/\/www.plataformadecomunicacio.com\/wp-content\/uploads\/2025\/12\/Fotos-per-pagina-web-3-1.jpg\",\"datePublished\":\"2026-01-14T10:28:12+00:00\",\"dateModified\":\"2026-01-14T10:29:44+00:00\",\"breadcrumb\":{\"@id\":\"https:\/\/www.plataformadecomunicacio.com\/es\/economia-social-y-solidaria-ayuntamiento-de-barcelona\/#breadcrumb\"},\"inLanguage\":\"es\",\"potentialAction\":[{\"@type\":\"ReadAction\",\"target\":[\"https:\/\/www.plataformadecomunicacio.com\/es\/economia-social-y-solidaria-ayuntamiento-de-barcelona\/\"]}]},{\"@type\":\"ImageObject\",\"inLanguage\":\"es\",\"@id\":\"https:\/\/www.plataformadecomunicacio.com\/es\/economia-social-y-solidaria-ayuntamiento-de-barcelona\/#primaryimage\",\"url\":\"https:\/\/www.plataformadecomunicacio.com\/wp-content\/uploads\/2025\/12\/Fotos-per-pagina-web-3-1.jpg\",\"contentUrl\":\"https:\/\/www.plataformadecomunicacio.com\/wp-content\/uploads\/2025\/12\/Fotos-per-pagina-web-3-1.jpg\"},{\"@type\":\"BreadcrumbList\",\"@id\":\"https:\/\/www.plataformadecomunicacio.com\/es\/economia-social-y-solidaria-ayuntamiento-de-barcelona\/#breadcrumb\",\"itemListElement\":[{\"@type\":\"ListItem\",\"position\":1,\"name\":\"Home\",\"item\":\"https:\/\/www.plataformadecomunicacio.com\/es\/inicio\/\"},{\"@type\":\"ListItem\",\"position\":2,\"name\":\"Econom\u00eda Social y Solidaria, Ayuntamiento de Barcelona\"}]},{\"@type\":\"WebSite\",\"@id\":\"https:\/\/www.plataformadecomunicacio.com\/#website\",\"url\":\"https:\/\/www.plataformadecomunicacio.com\/\",\"name\":\"Plataforma de comunicaci\u00f3\",\"description\":\"Comuniquem junts\",\"publisher\":{\"@id\":\"https:\/\/www.plataformadecomunicacio.com\/#organization\"},\"potentialAction\":[{\"@type\":\"SearchAction\",\"target\":{\"@type\":\"EntryPoint\",\"urlTemplate\":\"https:\/\/www.plataformadecomunicacio.com\/?s={search_term_string}\"},\"query-input\":{\"@type\":\"PropertyValueSpecification\",\"valueRequired\":true,\"valueName\":\"search_term_string\"}}],\"inLanguage\":\"es\"},{\"@type\":\"Organization\",\"@id\":\"https:\/\/www.plataformadecomunicacio.com\/#organization\",\"name\":\"Plataforma de comunicaci\u00f3\",\"url\":\"https:\/\/www.plataformadecomunicacio.com\/\",\"logo\":{\"@type\":\"ImageObject\",\"inLanguage\":\"es\",\"@id\":\"https:\/\/www.plataformadecomunicacio.com\/#\/schema\/logo\/image\/\",\"url\":\"https:\/\/www.plataformadecomunicacio.com\/wp-content\/uploads\/2019\/02\/Logo_plataforma.png\",\"contentUrl\":\"https:\/\/www.plataformadecomunicacio.com\/wp-content\/uploads\/2019\/02\/Logo_plataforma.png\",\"width\":505,\"height\":320,\"caption\":\"Plataforma de comunicaci\u00f3\"},\"image\":{\"@id\":\"https:\/\/www.plataformadecomunicacio.com\/#\/schema\/logo\/image\/\"},\"sameAs\":[\"https:\/\/www.facebook.com\/plataformadecomunicacio\/\",\"https:\/\/x.com\/PlataformadeCom\",\"https:\/\/www.linkedin.com\/company\/plataforma-de-comunicaci\u00f3\/\",\"https:\/\/www.youtube.com\/channel\/UCQ4-7CGw0atul0BbEAN5S9w\"]}]}<\/script>\n<!-- \/ Yoast SEO plugin. -->","yoast_head_json":{"title":"Econom\u00eda Social y Solidaria, Ayuntamiento de Barcelona - Plataforma de comunicaci\u00f3","robots":{"index":"index","follow":"follow","max-snippet":"max-snippet:-1","max-image-preview":"max-image-preview:large","max-video-preview":"max-video-preview:-1"},"canonical":"https:\/\/www.plataformadecomunicacio.com\/es\/economia-social-y-solidaria-ayuntamiento-de-barcelona\/","og_locale":"es_ES","og_type":"article","og_title":"Econom\u00eda Social y Solidaria, Ayuntamiento de Barcelona - Plataforma de comunicaci\u00f3","og_description":"Econom\u00eda Social y Solidaria, Ayuntamiento de Barcelona Instagram @lafebrerada Producci\u00f3n y dise\u00f1o de los contenidos audiovisuales y dinamizaci\u00f3n del canal. &nbsp; La Febrerada Actualizaci\u00f3n web, cobertura audiovisual y cr\u00f3nica del acto, producci\u00f3n de video-noticia.","og_url":"https:\/\/www.plataformadecomunicacio.com\/es\/economia-social-y-solidaria-ayuntamiento-de-barcelona\/","og_site_name":"Plataforma de comunicaci\u00f3","article_publisher":"https:\/\/www.facebook.com\/plataformadecomunicacio\/","article_modified_time":"2026-01-14T10:29:44+00:00","og_image":[{"width":1024,"height":768,"url":"https:\/\/www.plataformadecomunicacio.com\/wp-content\/uploads\/2025\/12\/Fotos-per-pagina-web-3-1.jpg","type":"image\/jpeg"}],"twitter_card":"summary_large_image","twitter_site":"@PlataformadeCom","schema":{"@context":"https:\/\/schema.org","@graph":[{"@type":"WebPage","@id":"https:\/\/www.plataformadecomunicacio.com\/es\/economia-social-y-solidaria-ayuntamiento-de-barcelona\/","url":"https:\/\/www.plataformadecomunicacio.com\/es\/economia-social-y-solidaria-ayuntamiento-de-barcelona\/","name":"Econom\u00eda Social y Solidaria, Ayuntamiento de Barcelona - Plataforma de comunicaci\u00f3","isPartOf":{"@id":"https:\/\/www.plataformadecomunicacio.com\/#website"},"primaryImageOfPage":{"@id":"https:\/\/www.plataformadecomunicacio.com\/es\/economia-social-y-solidaria-ayuntamiento-de-barcelona\/#primaryimage"},"image":{"@id":"https:\/\/www.plataformadecomunicacio.com\/es\/economia-social-y-solidaria-ayuntamiento-de-barcelona\/#primaryimage"},"thumbnailUrl":"https:\/\/www.plataformadecomunicacio.com\/wp-content\/uploads\/2025\/12\/Fotos-per-pagina-web-3-1.jpg","datePublished":"2026-01-14T10:28:12+00:00","dateModified":"2026-01-14T10:29:44+00:00","breadcrumb":{"@id":"https:\/\/www.plataformadecomunicacio.com\/es\/economia-social-y-solidaria-ayuntamiento-de-barcelona\/#breadcrumb"},"inLanguage":"es","potentialAction":[{"@type":"ReadAction","target":["https:\/\/www.plataformadecomunicacio.com\/es\/economia-social-y-solidaria-ayuntamiento-de-barcelona\/"]}]},{"@type":"ImageObject","inLanguage":"es","@id":"https:\/\/www.plataformadecomunicacio.com\/es\/economia-social-y-solidaria-ayuntamiento-de-barcelona\/#primaryimage","url":"https:\/\/www.plataformadecomunicacio.com\/wp-content\/uploads\/2025\/12\/Fotos-per-pagina-web-3-1.jpg","contentUrl":"https:\/\/www.plataformadecomunicacio.com\/wp-content\/uploads\/2025\/12\/Fotos-per-pagina-web-3-1.jpg"},{"@type":"BreadcrumbList","@id":"https:\/\/www.plataformadecomunicacio.com\/es\/economia-social-y-solidaria-ayuntamiento-de-barcelona\/#breadcrumb","itemListElement":[{"@type":"ListItem","position":1,"name":"Home","item":"https:\/\/www.plataformadecomunicacio.com\/es\/inicio\/"},{"@type":"ListItem","position":2,"name":"Econom\u00eda Social y Solidaria, Ayuntamiento de Barcelona"}]},{"@type":"WebSite","@id":"https:\/\/www.plataformadecomunicacio.com\/#website","url":"https:\/\/www.plataformadecomunicacio.com\/","name":"Plataforma de comunicaci\u00f3","description":"Comuniquem junts","publisher":{"@id":"https:\/\/www.plataformadecomunicacio.com\/#organization"},"potentialAction":[{"@type":"SearchAction","target":{"@type":"EntryPoint","urlTemplate":"https:\/\/www.plataformadecomunicacio.com\/?s={search_term_string}"},"query-input":{"@type":"PropertyValueSpecification","valueRequired":true,"valueName":"search_term_string"}}],"inLanguage":"es"},{"@type":"Organization","@id":"https:\/\/www.plataformadecomunicacio.com\/#organization","name":"Plataforma de comunicaci\u00f3","url":"https:\/\/www.plataformadecomunicacio.com\/","logo":{"@type":"ImageObject","inLanguage":"es","@id":"https:\/\/www.plataformadecomunicacio.com\/#\/schema\/logo\/image\/","url":"https:\/\/www.plataformadecomunicacio.com\/wp-content\/uploads\/2019\/02\/Logo_plataforma.png","contentUrl":"https:\/\/www.plataformadecomunicacio.com\/wp-content\/uploads\/2019\/02\/Logo_plataforma.png","width":505,"height":320,"caption":"Plataforma de comunicaci\u00f3"},"image":{"@id":"https:\/\/www.plataformadecomunicacio.com\/#\/schema\/logo\/image\/"},"sameAs":["https:\/\/www.facebook.com\/plataformadecomunicacio\/","https:\/\/x.com\/PlataformadeCom","https:\/\/www.linkedin.com\/company\/plataforma-de-comunicaci\u00f3\/","https:\/\/www.youtube.com\/channel\/UCQ4-7CGw0atul0BbEAN5S9w"]}]}},"_links":{"self":[{"href":"https:\/\/www.plataformadecomunicacio.com\/es\/wp-json\/wp\/v2\/pages\/12355","targetHints":{"allow":["GET"]}}],"collection":[{"href":"https:\/\/www.plataformadecomunicacio.com\/es\/wp-json\/wp\/v2\/pages"}],"about":[{"href":"https:\/\/www.plataformadecomunicacio.com\/es\/wp-json\/wp\/v2\/types\/page"}],"author":[{"embeddable":true,"href":"https:\/\/www.plataformadecomunicacio.com\/es\/wp-json\/wp\/v2\/users\/2"}],"replies":[{"embeddable":true,"href":"https:\/\/www.plataformadecomunicacio.com\/es\/wp-json\/wp\/v2\/comments?post=12355"}],"version-history":[{"count":2,"href":"https:\/\/www.plataformadecomunicacio.com\/es\/wp-json\/wp\/v2\/pages\/12355\/revisions"}],"predecessor-version":[{"id":12357,"href":"https:\/\/www.plataformadecomunicacio.com\/es\/wp-json\/wp\/v2\/pages\/12355\/revisions\/12357"}],"wp:attachment":[{"href":"https:\/\/www.plataformadecomunicacio.com\/es\/wp-json\/wp\/v2\/media?parent=12355"}],"curies":[{"name":"wp","href":"https:\/\/api.w.org\/{rel}","templated":true}]}}