{"id":12382,"date":"2026-01-14T12:04:44","date_gmt":"2026-01-14T11:04:44","guid":{"rendered":"https:\/\/www.plataformadecomunicacio.com\/formacion-xarxa-violeta-santa-coloma-de-gramenet\/"},"modified":"2026-01-14T12:07:30","modified_gmt":"2026-01-14T11:07:30","slug":"formacion-xarxa-violeta-santa-coloma-de-gramenet","status":"publish","type":"page","link":"https:\/\/www.plataformadecomunicacio.com\/es\/formacion-xarxa-violeta-santa-coloma-de-gramenet\/","title":{"rendered":"Formaci\u00f3n Xarxa Violeta, Santa Coloma de Gramenet"},"content":{"rendered":"\r\n<h1 class=\"wp-block-heading\"><strong>Formaci\u00f3n Xarxa Violeta, Santa Coloma de Gramenet<\/strong><\/h1>\r\n\r\n\r\n\r\n<div class=\"wp-block-spacer\" style=\"height: 62px;\" aria-hidden=\"true\"><\/div>\r\n\r\n\r\n\r\n<div class=\"wp-block-media-text is-stacked-on-mobile\">\r\n<figure class=\"wp-block-media-text__media\"><img loading=\"lazy\" decoding=\"async\" width=\"1024\" height=\"768\" class=\"wp-image-12087 size-full\" src=\"https:\/\/www.plataformadecomunicacio.com\/wp-content\/uploads\/2025\/12\/Fotos-per-pagina-web-9.png\" alt=\"\" srcset=\"https:\/\/www.plataformadecomunicacio.com\/wp-content\/uploads\/2025\/12\/Fotos-per-pagina-web-9.png 1024w, https:\/\/www.plataformadecomunicacio.com\/wp-content\/uploads\/2025\/12\/Fotos-per-pagina-web-9-300x225.png 300w, https:\/\/www.plataformadecomunicacio.com\/wp-content\/uploads\/2025\/12\/Fotos-per-pagina-web-9-768x576.png 768w, https:\/\/www.plataformadecomunicacio.com\/wp-content\/uploads\/2025\/12\/Fotos-per-pagina-web-9-705x529.png 705w\" sizes=\"auto, (max-width: 1024px) 100vw, 1024px\" \/><\/figure>\r\n<div class=\"wp-block-media-text__content\">\r\n\r\n\r\n\r\n<strong>Guion, producci\u00f3n y edici\u00f3n de v\u00eddeos formativos<\/strong> sobre la Xarxa Violeta de Santa Coloma de Gramenet, dirigidos al personal de los comercios adheridos.\r\n\r\n\r\n\r\n<\/div>\r\n<\/div>\r\n\r\n\r\n\r\n<div class=\"wp-block-media-text has-media-on-the-right is-stacked-on-mobile\">\r\n<div class=\"wp-block-media-text__content\">\r\n\r\n\r\n\r\n<strong>Desarrollo de una<\/strong> <strong>app formativa<\/strong> para compartir los contenidos con todos los establecimientos participantes de la ciudad.\r\n\r\n\r\n\r\n<\/div>\r\n<figure class=\"wp-block-media-text__media\"><a href=\"https:\/\/xarxa-violeta.web.app\/\" target=\"_blank\" rel=\"noreferrer noopener\"><img loading=\"lazy\" decoding=\"async\" width=\"1024\" height=\"768\" class=\"wp-image-12089 size-full\" src=\"https:\/\/www.plataformadecomunicacio.com\/wp-content\/uploads\/2025\/12\/Fotos-per-pagina-web-10.png\" alt=\"\" srcset=\"https:\/\/www.plataformadecomunicacio.com\/wp-content\/uploads\/2025\/12\/Fotos-per-pagina-web-10.png 1024w, https:\/\/www.plataformadecomunicacio.com\/wp-content\/uploads\/2025\/12\/Fotos-per-pagina-web-10-300x225.png 300w, https:\/\/www.plataformadecomunicacio.com\/wp-content\/uploads\/2025\/12\/Fotos-per-pagina-web-10-768x576.png 768w, https:\/\/www.plataformadecomunicacio.com\/wp-content\/uploads\/2025\/12\/Fotos-per-pagina-web-10-705x529.png 705w\" sizes=\"auto, (max-width: 1024px) 100vw, 1024px\" \/><\/a><\/figure>\r\n<\/div>\r\n\r\n\r\n\r\n\r\n","protected":false},"excerpt":{"rendered":"<p>Formaci\u00f3n Xarxa Violeta, Santa Coloma de Gramenet Guion, producci\u00f3n y edici\u00f3n de v\u00eddeos formativos sobre la Xarxa Violeta de Santa Coloma de Gramenet, dirigidos al personal de los comercios adheridos. Desarrollo de una app formativa para compartir los contenidos con todos los establecimientos participantes de la ciudad.<\/p>\n","protected":false},"author":2,"featured_media":0,"parent":0,"menu_order":0,"comment_status":"closed","ping_status":"closed","template":"","meta":{"footnotes":""},"class_list":["post-12382","page","type-page","status-publish","hentry"],"yoast_head":"<!-- This site is optimized with the Yoast SEO plugin v26.1 - https:\/\/yoast.com\/wordpress\/plugins\/seo\/ -->\n<title>Formaci\u00f3n Xarxa Violeta, Santa Coloma de Gramenet - Plataforma de comunicaci\u00f3<\/title>\n<meta name=\"robots\" content=\"index, follow, max-snippet:-1, max-image-preview:large, max-video-preview:-1\" \/>\n<link rel=\"canonical\" href=\"https:\/\/www.plataformadecomunicacio.com\/es\/formacion-xarxa-violeta-santa-coloma-de-gramenet\/\" \/>\n<meta property=\"og:locale\" content=\"es_ES\" \/>\n<meta property=\"og:type\" content=\"article\" \/>\n<meta property=\"og:title\" content=\"Formaci\u00f3n Xarxa Violeta, Santa Coloma de Gramenet - Plataforma de comunicaci\u00f3\" \/>\n<meta property=\"og:description\" content=\"Formaci\u00f3n Xarxa Violeta, Santa Coloma de Gramenet Guion, producci\u00f3n y edici\u00f3n de v\u00eddeos formativos sobre la Xarxa Violeta de Santa Coloma de Gramenet, dirigidos al personal de los comercios adheridos. Desarrollo de una app formativa para compartir los contenidos con todos los establecimientos participantes de la ciudad.\" \/>\n<meta property=\"og:url\" content=\"https:\/\/www.plataformadecomunicacio.com\/es\/formacion-xarxa-violeta-santa-coloma-de-gramenet\/\" \/>\n<meta property=\"og:site_name\" content=\"Plataforma de comunicaci\u00f3\" \/>\n<meta property=\"article:publisher\" content=\"https:\/\/www.facebook.com\/plataformadecomunicacio\/\" \/>\n<meta property=\"article:modified_time\" content=\"2026-01-14T11:07:30+00:00\" \/>\n<meta property=\"og:image\" content=\"https:\/\/www.plataformadecomunicacio.com\/wp-content\/uploads\/2025\/12\/Fotos-per-pagina-web-9.png\" \/>\n\t<meta property=\"og:image:width\" content=\"1024\" \/>\n\t<meta property=\"og:image:height\" content=\"768\" \/>\n\t<meta property=\"og:image:type\" content=\"image\/png\" \/>\n<meta name=\"twitter:card\" content=\"summary_large_image\" \/>\n<meta name=\"twitter:site\" content=\"@PlataformadeCom\" \/>\n<script type=\"application\/ld+json\" class=\"yoast-schema-graph\">{\"@context\":\"https:\/\/schema.org\",\"@graph\":[{\"@type\":\"WebPage\",\"@id\":\"https:\/\/www.plataformadecomunicacio.com\/es\/formacion-xarxa-violeta-santa-coloma-de-gramenet\/\",\"url\":\"https:\/\/www.plataformadecomunicacio.com\/es\/formacion-xarxa-violeta-santa-coloma-de-gramenet\/\",\"name\":\"Formaci\u00f3n Xarxa Violeta, Santa Coloma de Gramenet - Plataforma de comunicaci\u00f3\",\"isPartOf\":{\"@id\":\"https:\/\/www.plataformadecomunicacio.com\/#website\"},\"primaryImageOfPage\":{\"@id\":\"https:\/\/www.plataformadecomunicacio.com\/es\/formacion-xarxa-violeta-santa-coloma-de-gramenet\/#primaryimage\"},\"image\":{\"@id\":\"https:\/\/www.plataformadecomunicacio.com\/es\/formacion-xarxa-violeta-santa-coloma-de-gramenet\/#primaryimage\"},\"thumbnailUrl\":\"https:\/\/www.plataformadecomunicacio.com\/wp-content\/uploads\/2025\/12\/Fotos-per-pagina-web-9.png\",\"datePublished\":\"2026-01-14T11:04:44+00:00\",\"dateModified\":\"2026-01-14T11:07:30+00:00\",\"breadcrumb\":{\"@id\":\"https:\/\/www.plataformadecomunicacio.com\/es\/formacion-xarxa-violeta-santa-coloma-de-gramenet\/#breadcrumb\"},\"inLanguage\":\"es\",\"potentialAction\":[{\"@type\":\"ReadAction\",\"target\":[\"https:\/\/www.plataformadecomunicacio.com\/es\/formacion-xarxa-violeta-santa-coloma-de-gramenet\/\"]}]},{\"@type\":\"ImageObject\",\"inLanguage\":\"es\",\"@id\":\"https:\/\/www.plataformadecomunicacio.com\/es\/formacion-xarxa-violeta-santa-coloma-de-gramenet\/#primaryimage\",\"url\":\"https:\/\/www.plataformadecomunicacio.com\/wp-content\/uploads\/2025\/12\/Fotos-per-pagina-web-9.png\",\"contentUrl\":\"https:\/\/www.plataformadecomunicacio.com\/wp-content\/uploads\/2025\/12\/Fotos-per-pagina-web-9.png\"},{\"@type\":\"BreadcrumbList\",\"@id\":\"https:\/\/www.plataformadecomunicacio.com\/es\/formacion-xarxa-violeta-santa-coloma-de-gramenet\/#breadcrumb\",\"itemListElement\":[{\"@type\":\"ListItem\",\"position\":1,\"name\":\"Home\",\"item\":\"https:\/\/www.plataformadecomunicacio.com\/es\/inicio\/\"},{\"@type\":\"ListItem\",\"position\":2,\"name\":\"Formaci\u00f3n Xarxa Violeta, Santa Coloma de Gramenet\"}]},{\"@type\":\"WebSite\",\"@id\":\"https:\/\/www.plataformadecomunicacio.com\/#website\",\"url\":\"https:\/\/www.plataformadecomunicacio.com\/\",\"name\":\"Plataforma de comunicaci\u00f3\",\"description\":\"Comuniquem junts\",\"publisher\":{\"@id\":\"https:\/\/www.plataformadecomunicacio.com\/#organization\"},\"potentialAction\":[{\"@type\":\"SearchAction\",\"target\":{\"@type\":\"EntryPoint\",\"urlTemplate\":\"https:\/\/www.plataformadecomunicacio.com\/?s={search_term_string}\"},\"query-input\":{\"@type\":\"PropertyValueSpecification\",\"valueRequired\":true,\"valueName\":\"search_term_string\"}}],\"inLanguage\":\"es\"},{\"@type\":\"Organization\",\"@id\":\"https:\/\/www.plataformadecomunicacio.com\/#organization\",\"name\":\"Plataforma de comunicaci\u00f3\",\"url\":\"https:\/\/www.plataformadecomunicacio.com\/\",\"logo\":{\"@type\":\"ImageObject\",\"inLanguage\":\"es\",\"@id\":\"https:\/\/www.plataformadecomunicacio.com\/#\/schema\/logo\/image\/\",\"url\":\"https:\/\/www.plataformadecomunicacio.com\/wp-content\/uploads\/2019\/02\/Logo_plataforma.png\",\"contentUrl\":\"https:\/\/www.plataformadecomunicacio.com\/wp-content\/uploads\/2019\/02\/Logo_plataforma.png\",\"width\":505,\"height\":320,\"caption\":\"Plataforma de comunicaci\u00f3\"},\"image\":{\"@id\":\"https:\/\/www.plataformadecomunicacio.com\/#\/schema\/logo\/image\/\"},\"sameAs\":[\"https:\/\/www.facebook.com\/plataformadecomunicacio\/\",\"https:\/\/x.com\/PlataformadeCom\",\"https:\/\/www.linkedin.com\/company\/plataforma-de-comunicaci\u00f3\/\",\"https:\/\/www.youtube.com\/channel\/UCQ4-7CGw0atul0BbEAN5S9w\"]}]}<\/script>\n<!-- \/ Yoast SEO plugin. -->","yoast_head_json":{"title":"Formaci\u00f3n Xarxa Violeta, Santa Coloma de Gramenet - Plataforma de comunicaci\u00f3","robots":{"index":"index","follow":"follow","max-snippet":"max-snippet:-1","max-image-preview":"max-image-preview:large","max-video-preview":"max-video-preview:-1"},"canonical":"https:\/\/www.plataformadecomunicacio.com\/es\/formacion-xarxa-violeta-santa-coloma-de-gramenet\/","og_locale":"es_ES","og_type":"article","og_title":"Formaci\u00f3n Xarxa Violeta, Santa Coloma de Gramenet - Plataforma de comunicaci\u00f3","og_description":"Formaci\u00f3n Xarxa Violeta, Santa Coloma de Gramenet Guion, producci\u00f3n y edici\u00f3n de v\u00eddeos formativos sobre la Xarxa Violeta de Santa Coloma de Gramenet, dirigidos al personal de los comercios adheridos. Desarrollo de una app formativa para compartir los contenidos con todos los establecimientos participantes de la ciudad.","og_url":"https:\/\/www.plataformadecomunicacio.com\/es\/formacion-xarxa-violeta-santa-coloma-de-gramenet\/","og_site_name":"Plataforma de comunicaci\u00f3","article_publisher":"https:\/\/www.facebook.com\/plataformadecomunicacio\/","article_modified_time":"2026-01-14T11:07:30+00:00","og_image":[{"width":1024,"height":768,"url":"https:\/\/www.plataformadecomunicacio.com\/wp-content\/uploads\/2025\/12\/Fotos-per-pagina-web-9.png","type":"image\/png"}],"twitter_card":"summary_large_image","twitter_site":"@PlataformadeCom","schema":{"@context":"https:\/\/schema.org","@graph":[{"@type":"WebPage","@id":"https:\/\/www.plataformadecomunicacio.com\/es\/formacion-xarxa-violeta-santa-coloma-de-gramenet\/","url":"https:\/\/www.plataformadecomunicacio.com\/es\/formacion-xarxa-violeta-santa-coloma-de-gramenet\/","name":"Formaci\u00f3n Xarxa Violeta, Santa Coloma de Gramenet - Plataforma de comunicaci\u00f3","isPartOf":{"@id":"https:\/\/www.plataformadecomunicacio.com\/#website"},"primaryImageOfPage":{"@id":"https:\/\/www.plataformadecomunicacio.com\/es\/formacion-xarxa-violeta-santa-coloma-de-gramenet\/#primaryimage"},"image":{"@id":"https:\/\/www.plataformadecomunicacio.com\/es\/formacion-xarxa-violeta-santa-coloma-de-gramenet\/#primaryimage"},"thumbnailUrl":"https:\/\/www.plataformadecomunicacio.com\/wp-content\/uploads\/2025\/12\/Fotos-per-pagina-web-9.png","datePublished":"2026-01-14T11:04:44+00:00","dateModified":"2026-01-14T11:07:30+00:00","breadcrumb":{"@id":"https:\/\/www.plataformadecomunicacio.com\/es\/formacion-xarxa-violeta-santa-coloma-de-gramenet\/#breadcrumb"},"inLanguage":"es","potentialAction":[{"@type":"ReadAction","target":["https:\/\/www.plataformadecomunicacio.com\/es\/formacion-xarxa-violeta-santa-coloma-de-gramenet\/"]}]},{"@type":"ImageObject","inLanguage":"es","@id":"https:\/\/www.plataformadecomunicacio.com\/es\/formacion-xarxa-violeta-santa-coloma-de-gramenet\/#primaryimage","url":"https:\/\/www.plataformadecomunicacio.com\/wp-content\/uploads\/2025\/12\/Fotos-per-pagina-web-9.png","contentUrl":"https:\/\/www.plataformadecomunicacio.com\/wp-content\/uploads\/2025\/12\/Fotos-per-pagina-web-9.png"},{"@type":"BreadcrumbList","@id":"https:\/\/www.plataformadecomunicacio.com\/es\/formacion-xarxa-violeta-santa-coloma-de-gramenet\/#breadcrumb","itemListElement":[{"@type":"ListItem","position":1,"name":"Home","item":"https:\/\/www.plataformadecomunicacio.com\/es\/inicio\/"},{"@type":"ListItem","position":2,"name":"Formaci\u00f3n Xarxa Violeta, Santa Coloma de Gramenet"}]},{"@type":"WebSite","@id":"https:\/\/www.plataformadecomunicacio.com\/#website","url":"https:\/\/www.plataformadecomunicacio.com\/","name":"Plataforma de comunicaci\u00f3","description":"Comuniquem junts","publisher":{"@id":"https:\/\/www.plataformadecomunicacio.com\/#organization"},"potentialAction":[{"@type":"SearchAction","target":{"@type":"EntryPoint","urlTemplate":"https:\/\/www.plataformadecomunicacio.com\/?s={search_term_string}"},"query-input":{"@type":"PropertyValueSpecification","valueRequired":true,"valueName":"search_term_string"}}],"inLanguage":"es"},{"@type":"Organization","@id":"https:\/\/www.plataformadecomunicacio.com\/#organization","name":"Plataforma de comunicaci\u00f3","url":"https:\/\/www.plataformadecomunicacio.com\/","logo":{"@type":"ImageObject","inLanguage":"es","@id":"https:\/\/www.plataformadecomunicacio.com\/#\/schema\/logo\/image\/","url":"https:\/\/www.plataformadecomunicacio.com\/wp-content\/uploads\/2019\/02\/Logo_plataforma.png","contentUrl":"https:\/\/www.plataformadecomunicacio.com\/wp-content\/uploads\/2019\/02\/Logo_plataforma.png","width":505,"height":320,"caption":"Plataforma de comunicaci\u00f3"},"image":{"@id":"https:\/\/www.plataformadecomunicacio.com\/#\/schema\/logo\/image\/"},"sameAs":["https:\/\/www.facebook.com\/plataformadecomunicacio\/","https:\/\/x.com\/PlataformadeCom","https:\/\/www.linkedin.com\/company\/plataforma-de-comunicaci\u00f3\/","https:\/\/www.youtube.com\/channel\/UCQ4-7CGw0atul0BbEAN5S9w"]}]}},"_links":{"self":[{"href":"https:\/\/www.plataformadecomunicacio.com\/es\/wp-json\/wp\/v2\/pages\/12382","targetHints":{"allow":["GET"]}}],"collection":[{"href":"https:\/\/www.plataformadecomunicacio.com\/es\/wp-json\/wp\/v2\/pages"}],"about":[{"href":"https:\/\/www.plataformadecomunicacio.com\/es\/wp-json\/wp\/v2\/types\/page"}],"author":[{"embeddable":true,"href":"https:\/\/www.plataformadecomunicacio.com\/es\/wp-json\/wp\/v2\/users\/2"}],"replies":[{"embeddable":true,"href":"https:\/\/www.plataformadecomunicacio.com\/es\/wp-json\/wp\/v2\/comments?post=12382"}],"version-history":[{"count":1,"href":"https:\/\/www.plataformadecomunicacio.com\/es\/wp-json\/wp\/v2\/pages\/12382\/revisions"}],"predecessor-version":[{"id":12385,"href":"https:\/\/www.plataformadecomunicacio.com\/es\/wp-json\/wp\/v2\/pages\/12382\/revisions\/12385"}],"wp:attachment":[{"href":"https:\/\/www.plataformadecomunicacio.com\/es\/wp-json\/wp\/v2\/media?parent=12382"}],"curies":[{"name":"wp","href":"https:\/\/api.w.org\/{rel}","templated":true}]}}